{"id":2,"date":"2023-06-26T14:27:38","date_gmt":"2023-06-26T14:27:38","guid":{"rendered":"https:\/\/karcagidigitalis.hu\/?page_id=2"},"modified":"2023-06-26T14:45:45","modified_gmt":"2023-06-26T14:45:45","slug":"sample-page","status":"publish","type":"page","link":"https:\/\/karcagidigitalis.hu\/","title":{"rendered":""},"content":{"rendered":"\n<p><strong>EFOP-3.2.3-17 <\/strong><strong>DIGIT\u00c1LIS K\u00d6RNYEZET A K\u00d6ZNEVEL\u00c9SBEN&nbsp;<\/strong><\/p>\n\n\n\n<p><strong>EFOP-3.2.3-17-2017-00067<\/strong><\/p>\n\n\n\n<p>A projekt c\u00edme: \u201eDigit\u00e1lis k\u00f6rnyezet fejleszt\u00e9se a karcagi, hajd\u00fab\u00f6sz\u00f6rm\u00e9nyi, v\u00e9szt\u0151i \u00e9s gyulai reform\u00e1tus k\u00f6znevel\u00e9si int\u00e9zm\u00e9nyekben\u201d.<\/p>\n\n\n\n<ul class=\"wp-block-list\">\n<li>a kedvezm\u00e9nyezett neve:&nbsp;<strong>Karcagi Reform\u00e1tus Egyh\u00e1zk\u00f6zs\u00e9g<\/strong><\/li>\n\n\n\n<li>a szerz\u0151d\u00f6tt t\u00e1mogat\u00e1s \u00f6sszege: <strong>109&nbsp;444 002<\/strong> Ft,<\/li>\n\n\n\n<li>a t\u00e1mogat\u00e1s m\u00e9rt\u00e9ke (%-ban): 100 %. A projekt a Sz\u00e9chenyi 2020 program keret\u00e9ben az Eur\u00f3pai Uni\u00f3 t\u00e1mogat\u00e1s\u00e1val, az Eur\u00f3pai Szoci\u00e1lis Alap \u00e9s Magyarorsz\u00e1g k\u00f6lts\u00e9gvet\u00e9se t\u00e1rsfinansz\u00edroz\u00e1s\u00e1val val\u00f3sul meg.<\/li>\n<\/ul>\n\n\n\n<p><strong>A projekt tartalm\u00e1nak bemutat\u00e1sa:&nbsp;<\/strong><\/p>\n\n\n\n<p>A <strong>Karcagi Reform\u00e1tus Egyh\u00e1zk\u00f6zs\u00e9g, a Gyulai Reform\u00e1tus Egyh\u00e1zk\u00f6zs\u00e9g, a Hajd\u00fab\u00f6sz\u00f6rm\u00e9nyi Reform\u00e1tus Egyh\u00e1zk\u00f6zs\u00e9g \u00e9s a V\u00e9szt\u0151i Reform\u00e1tus Egyh\u00e1zk\u00f6zs\u00e9g <\/strong>az \u00e1ltaluk fenntartott \u00e9s projektbe bevont oktat\u00e1si int\u00e9zm\u00e9nyeikben megval\u00f3s\u00edtand\u00f3 projektj\u00fckkel hozz\u00e1j\u00e1rulnak a k\u00f6znevel\u00e9s eredm\u00e9nyess\u00e9g\u00e9nek, hat\u00e9konys\u00e1g\u00e1nak n\u00f6vel\u00e9s\u00e9hez, valamint a digit\u00e1lis oktat\u00e1s bevezet\u00e9s\u00e9nek t\u00e1mogat\u00e1s\u00e1hoz.&nbsp;<\/p>\n\n\n\n<ul class=\"wp-block-list\">\n<li>A konzorciumban megval\u00f3sul\u00f3 projekt <strong>f\u0151 c\u00e9lja<\/strong>, hogy <strong>digit\u00e1lis pedag\u00f3giai m\u00f3dszertani csomagokra \u00e9p\u00fcl\u0151 pilot programokat <\/strong>val\u00f3s\u00edtson meg, amelyekkel hozz\u00e1j\u00e1rulhat a teljes k\u00f6znevel\u00e9si rendszerben a <strong>pedag\u00f3gusok digit\u00e1lis felk\u00e9sz\u00fclts\u00e9g\u00e9nek, m\u00f3dszertani kult\u00far\u00e1j\u00e1nak n\u00f6vel\u00e9s\u00e9hez<\/strong>. Ezent\u00fal c\u00e9lja, hogy a pedag\u00f3giai munk\u00e1ban t\u00f6rt\u00e9n\u0151 <strong>IKT eszk\u00f6z\u00f6k haszn\u00e1lat\u00e1nak er\u0151s\u00edt\u00e9s\u00e9vel<\/strong> <strong>a digit\u00e1lis \u00e9s egy\u00e9b kulcskompetenci\u00e1k hat\u00e9konyabb fejleszt\u00e9se<\/strong> menjen v\u00e9gbe.<\/li>\n\n\n\n<li><strong>Pedag\u00f3giai m\u00f3dszertanok int\u00e9zm\u00e9nyi szint\u0171 komplex fejleszt\u00e9se<\/strong>: Komplex, int\u00e9zm\u00e9nyi szint\u0171 fejleszt\u00e9s menjen v\u00e9gbe az alkalmazott pedag\u00f3giai m\u00f3dszertanok ter\u00e9n, amely \u00e9rinti a pedag\u00f3gusok tov\u00e1bbk\u00e9pz\u00e9s\u00e9t, t\u00e1mogat\u00f3 eszk\u00f6z\u00f6k bevezet\u00e9s\u00e9t az oktat\u00e1s min\u0151s\u00e9g\u00e9nek javul\u00e1sa \u00e9rdek\u00e9ben. A fejleszt\u00e9sek nyom\u00e1n interakt\u00edv, bels\u0151 motiv\u00e1ci\u00f3t serkent\u0151 tanul\u00e1si folyamatok val\u00f3suljanak meg, mely k\u00f6z\u00e9p \u00e9s hossz\u00fat\u00e1von hozz\u00e1j\u00e1rul a lemorzsol\u00f3d\u00e1s megakad\u00e1lyoz\u00e1s\u00e1hoz is.&nbsp;<\/li>\n\n\n\n<li>T\u00f6bbr\u00e9t\u0171 tanul\u00f3i kompetencia fejleszt\u00e9s menjen v\u00e9gbe, azaz a tanul\u00f3k m<strong>atematikai, sz\u00f6veg\u00e9rt\u00e9si, digit\u00e1lis \u00e9s term\u00e9szettudom\u00e1nyos, valamint probl\u00e9mamegold\u00f3 \u00e9s kreat\u00edv kompetenci\u00e1inak fejleszt\u00e9se t\u00f6rt\u00e9njen<\/strong> a projektbe bevont int\u00e9zm\u00e9nyekben, kiemelt figyelemmel k\u00eds\u00e9rve a tehets\u00e9ggondoz\u00e1st \u00e9s a felz\u00e1rk\u00f3z\u00e1st. A kompetenciafejleszt\u00e9ssel kell\u0151 <strong>alapot<\/strong> ny\u00fajtsanak <strong>az \u00e9lethosszig tart\u00f3 tanul\u00e1s szem\u00e9lyes gyakorlat\u00e1nak, a munkaer\u0151piacon val\u00f3 \u00e9rv\u00e9nyes\u00fcl\u00e9snek, valamint a v\u00e9gzetts\u00e9g n\u00e9lk\u00fcli iskolaelhagy\u00e1s megel\u0151z\u00e9s\u00e9nek<\/strong>. A <strong>digit\u00e1lis k\u00e9szs\u00e9gek fejleszt\u00e9se<\/strong> kiterjedjen a megfelel\u0151 <strong>inform\u00e1ci\u00f3szerz\u00e9sre, megb\u00edzhat\u00f3 tartalmak kezel\u00e9s\u00e9re, az \u00faj technol\u00f3gi\u00e1k tudatos haszn\u00e1lat\u00e1ra<\/strong>&nbsp;<\/li>\n\n\n\n<li><strong>C\u00e9l, hogy a digit\u00e1lis oktat\u00e1si kult\u00fara fejleszt\u00e9se t\u00f6bb szinten v\u00e9gbemenjen, azaz a pedag\u00f3gusok IKT tud\u00e1sa, m\u00f3dszertani kult\u00far\u00e1ja, motiv\u00e1ci\u00f3ja n\u00f6vekedjen; IKT-eszk\u00f6z\u00f6k haszn\u00e1lat\u00e1nak be\u00e9p\u00fcl\u00e9se a tan\u00edt\u00e1s-tanul\u00e1s \u00e9s az \u00e9rt\u00e9kel\u00e9s folyamat\u00e1ba; internet \u00e9s eszk\u00f6zell\u00e1totts\u00e1g biztos\u00edtott legyen; IT biztons\u00e1g, es\u00e9lyegyenl\u0151s\u00e9g \u00e9rv\u00e9nyes\u00fclj\u00f6n; oktat\u00e1s adminisztr\u00e1ci\u00f3s szolg\u00e1ltat\u00e1sok fejl\u0151djenek.&nbsp;<\/strong><\/li>\n<\/ul>\n\n\n\n<p><strong>A digit\u00e1lis k\u00f6rnyezeti fejleszt\u00e9sek hozz\u00e1j\u00e1ruljanak az egyenl\u0151 b\u00e1n\u00e1sm\u00f3d \u00e9rv\u00e9nyes\u00fcl\u00e9s\u00e9hez, az oktat\u00e1si egyenl\u0151tlens\u00e9gek m\u00e9rs\u00e9kl\u00e9s\u00e9hez:<\/strong><\/p>\n\n\n\n<ul class=\"wp-block-list\">\n<li>&nbsp;a projektben r\u00e9sztvev\u0151 int\u00e9zm\u00e9nyekben, a h\u00e1tr\u00e1nnyal indul\u00f3, fogyat\u00e9koss\u00e1ggal \u00e9l\u0151, a saj\u00e1tos nevel\u00e9si ig\u00e9ny\u0171 \u00e9s a beilleszked\u00e9si, tanul\u00e1si \u00e9s magatart\u00e1si neh\u00e9zs\u00e9ggel k\u00fczd\u0151 tanul\u00f3k akad\u00e1lymentesen hozz\u00e1f\u00e9rhessenek a digit\u00e1lis k\u00f6rnyezeti fejleszt\u00e9sekhez,<\/li>\n\n\n\n<li>a h\u00e1tr\u00e1nnyal k\u00fczd\u0151 tanul\u00f3k is a kompetenciafejleszt\u00e9s akt\u00edv r\u00e9szesei lehessenek, a fejleszt\u00e9sek hozz\u00e1j\u00e1ruljanak h\u00e1tr\u00e1nyaik lek\u00fczd\u00e9s\u00e9hez.<\/li>\n<\/ul>\n\n\n\n<p>A <strong>Karcagi Reform\u00e1tus Egyh\u00e1zk\u00f6zs\u00e9g<\/strong> Konzorciumvezet\u0151k\u00e9nt a Karcagi Nagykun Reform\u00e1tus Gimn\u00e1zium \u00e9s Eg\u00e9szs\u00e9g\u00fcgyi Szakgimn\u00e1zium int\u00e9zm\u00e9nyben, <strong>a Gyulai Reform\u00e1tus Egyh\u00e1zk\u00f6zs\u00e9g <\/strong>a Magvet\u0151 Reform\u00e1tus \u00c1ltal\u00e1nos Iskola \u00e9s \u00d3voda int\u00e9zm\u00e9nyben, <strong>a Hajd\u00fab\u00f6sz\u00f6rm\u00e9nyi Reform\u00e1tus Egyh\u00e1zk\u00f6zs\u00e9g <\/strong>a Baltaz\u00e1r Dezs\u0151 Reform\u00e1tus \u00c1ltal\u00e1nos Iskola \u00e9s Alapfok\u00fa M\u0171v\u00e9szeti Iskola int\u00e9zm\u00e9nyben <strong>\u00e9s a V\u00e9szt\u0151i Reform\u00e1tus Egyh\u00e1zk\u00f6zs\u00e9g <\/strong>a<strong> <\/strong>Kis B\u00e1lint Reform\u00e1tus \u00c1ltal\u00e1nos Iskola int\u00e9zm\u00e9nyben konzorciumi tagk\u00e9nt val\u00f3s\u00edtja meg a projektet.<\/p>\n\n\n\n<p><strong>Ennek \u00e9rdek\u00e9ben jelen projekt keret\u00e9ben az al\u00e1bbi feladatokat l\u00e1tja el:<\/strong><\/p>\n\n\n\n<ul class=\"wp-block-list\">\n<li>A pedag\u00f3gusok digit\u00e1lis felk\u00e9sz\u00fclts\u00e9g\u00e9nek, m\u00f3dszertani kult\u00far\u00e1j\u00e1nak n\u00f6vel\u00e9se akkredit\u00e1lt tov\u00e1bbk\u00e9pz\u00e9sek r\u00e9v\u00e9n, a mindennapi pedag\u00f3giai munka sor\u00e1n <strong>eszk\u00f6zbeszerz\u00e9s \u00e1ltal,<\/strong> az <strong>IKT-haszn\u00e1lat er\u0151s\u00edt\u00e9snek el\u00e9r\u00e9s\u00e9hez<\/strong>, els\u0151sorban a digit\u00e1lis \u00e9s egy\u00e9b kulcskompetenci\u00e1k hat\u00e9konyabb fejleszt\u00e9se \u00e9rdek\u00e9ben<\/li>\n\n\n\n<li>Eg\u00e9sz \u00e9leten \u00e1t tart\u00f3 tanul\u00e1shoz sz\u00fcks\u00e9ges <strong>digit\u00e1lis kompetenci\u00e1k megszerz\u00e9s\u00e9t el\u0151seg\u00edt\u0151 eszk\u00f6z\u00f6k beszerz\u00e9se, digit\u00e1lis eszk\u00f6zhaszn\u00e1lat a tan\u00f3r\u00e1kon,<\/strong><\/li>\n\n\n\n<li>Az int\u00e9zm\u00e9ny digit\u00e1lis k\u00f6rnyezeti fejleszt\u00e9sek hozz\u00e1f\u00e9rhet\u0151v\u00e9, akad\u00e1lymentess\u00e9 t\u00e9tele, kiemelten a fogyat\u00e9koss\u00e1ggal \u00e9l\u0151, a saj\u00e1tos nevel\u00e9si ig\u00e9ny\u0171 (SNI) \u00e9s a beilleszked\u00e9si, tanul\u00e1si \u00e9s magatart\u00e1si neh\u00e9zs\u00e9gekkel k\u00fczd\u0151 tanul\u00f3k (BTM) sz\u00e1m\u00e1ra<\/li>\n\n\n\n<li>A t\u00e1mogatott int\u00e9zm\u00e9nyek bevont pedag\u00f3gusainak <strong>akkredit\u00e1lt pedag\u00f3gus tov\u00e1bbk\u00e9pz\u00e9sen<\/strong> t\u00f6rt\u00e9n\u0151 r\u00e9szv\u00e9tele, digit\u00e1lis kompetenci\u00e1inak fejleszt\u00e9se, m\u00e9r\u00e9se<\/li>\n\n\n\n<li>A <strong>digit\u00e1lis pedag\u00f3giai m\u00f3dszertani fejleszt\u00e9shez<\/strong> \u00f6ssze\u00e1ll\u00edtott vagy v\u00e1lasztott csomag(ok) haszn\u00e1lat\u00e1ra val\u00f3 felk\u00e9sz\u00fcl\u00e9s \u00e9s tan\u00f3r\u00e1kon t\u00f6rt\u00e9n\u0151 alkalmaz\u00e1s kipr\u00f3b\u00e1l\u00e1sa.<\/li>\n\n\n\n<li>Az \u00f6ssze\u00e1ll\u00edtott vagy v\u00e1lasztott csomaghoz kapcsol\u00f3d\u00f3 <strong>int\u00e9zm\u00e9nyi digit\u00e1lis tartalom fejleszt\u00e9se<\/strong> (digit\u00e1lis \u00f3rav\u00e1zlatok, tan\u00edt\u00e1st-tanul\u00e1st t\u00e1mogat\u00f3 tartalmak, digit\u00e1lis projekt le\u00edr\u00e1sok stb.), illetve a tartalom megoszt\u00e1sa a Nemzeti K\u00f6znevel\u00e9si Port\u00e1l (a tov\u00e1bbiakban: NKP) fel\u00fclet\u00e9n.<\/li>\n<\/ul>\n\n\n\n<p>Ennek \u00e9rdek\u00e9ben a digit\u00e1lis eszk\u00f6zhaszn\u00e1lat fejleszti a digit\u00e1lis \u00edr\u00e1stud\u00e1st, amely el\u0151seg\u00edti a munkav\u00e1llal\u00e1s k\u00f6nny\u00edt\u00e9s\u00e9t, az eredm\u00e9nyesebb \u00e9s hat\u00e9konyabb munkav\u00e9gz\u00e9st.<\/p>\n\n\n\n<ul class=\"wp-block-list\">\n<li>a projekt tervezett kezd\u00e9si d\u00e1tuma: 2018.09.13.<\/li>\n\n\n\n<li>a projekt tervezett befejez\u00e9si d\u00e1tuma: 2022.04.30.<\/li>\n\n\n\n<li>projekt azonos\u00edt\u00f3 sz\u00e1ma:&nbsp;<strong>EFOP-3.2.3-17-2017-00067<\/strong><\/li>\n<\/ul>\n","protected":false},"excerpt":{"rendered":"<p>EFOP-3.2.3-17 DIGIT\u00c1LIS K\u00d6RNYEZET A K\u00d6ZNEVEL\u00c9SBEN&nbsp; EFOP-3.2.3-17-2017-00067 A projekt c\u00edme: \u201eDigit\u00e1lis k\u00f6rnyezet fejleszt\u00e9se a karcagi, hajd\u00fab\u00f6sz\u00f6rm\u00e9nyi, v\u00e9szt\u0151i \u00e9s gyulai reform\u00e1tus k\u00f6znevel\u00e9si int\u00e9zm\u00e9nyekben\u201d. A projekt tartalm\u00e1nak bemutat\u00e1sa:&nbsp; A Karcagi Reform\u00e1tus Egyh\u00e1zk\u00f6zs\u00e9g, a Gyulai Reform\u00e1tus Egyh\u00e1zk\u00f6zs\u00e9g, a Hajd\u00fab\u00f6sz\u00f6rm\u00e9nyi Reform\u00e1tus Egyh\u00e1zk\u00f6zs\u00e9g \u00e9s a V\u00e9szt\u0151i Reform\u00e1tus Egyh\u00e1zk\u00f6zs\u00e9g az \u00e1ltaluk fenntartott \u00e9s projektbe bevont oktat\u00e1si int\u00e9zm\u00e9nyeikben megval\u00f3s\u00edtand\u00f3 projektj\u00fckkel hozz\u00e1j\u00e1rulnak a k\u00f6znevel\u00e9s [&hellip;]<\/p>\n","protected":false},"author":1,"featured_media":0,"parent":0,"menu_order":0,"comment_status":"closed","ping_status":"open","template":"","meta":{"footnotes":""},"class_list":["post-2","page","type-page","status-publish","hentry"],"_links":{"self":[{"href":"https:\/\/karcagidigitalis.hu\/index.php\/wp-json\/wp\/v2\/pages\/2","targetHints":{"allow":["GET"]}}],"collection":[{"href":"https:\/\/karcagidigitalis.hu\/index.php\/wp-json\/wp\/v2\/pages"}],"about":[{"href":"https:\/\/karcagidigitalis.hu\/index.php\/wp-json\/wp\/v2\/types\/page"}],"author":[{"embeddable":true,"href":"https:\/\/karcagidigitalis.hu\/index.php\/wp-json\/wp\/v2\/users\/1"}],"replies":[{"embeddable":true,"href":"https:\/\/karcagidigitalis.hu\/index.php\/wp-json\/wp\/v2\/comments?post=2"}],"version-history":[{"count":2,"href":"https:\/\/karcagidigitalis.hu\/index.php\/wp-json\/wp\/v2\/pages\/2\/revisions"}],"predecessor-version":[{"id":17,"href":"https:\/\/karcagidigitalis.hu\/index.php\/wp-json\/wp\/v2\/pages\/2\/revisions\/17"}],"wp:attachment":[{"href":"https:\/\/karcagidigitalis.hu\/index.php\/wp-json\/wp\/v2\/media?parent=2"}],"curies":[{"name":"wp","href":"https:\/\/api.w.org\/{rel}","templated":true}]}}